{"id":66427,"date":"2018-04-28T09:43:21","date_gmt":"2018-04-28T07:43:21","guid":{"rendered":"https:\/\/get-it-easy.de\/mieten\/concentrador-de-carga-usb-10x\/"},"modified":"2026-08-03T14:58:56","modified_gmt":"2026-08-03T12:58:56","slug":"concentrador-de-carga-usb-10x","status":"publish","type":"product","link":"https:\/\/get-it-easy.de\/es\/alquiler\/concentrador-de-carga-usb-10x\/","title":{"rendered":"Concentrador de carga USB 10x"},"content":{"rendered":"<h2>Alquiler de concentrador de carga USB para hasta 10 dispositivos<\/h2>\n<p>Para utilizar una mayor cantidad de dispositivos, es aconsejable contratar un concentrador de carga USB. Esto te permite cargar c\u00f3modamente hasta 10 dispositivos con 2,1 A. <\/p>\n<p>Los cargadores m\u00faltiples disponibles en el mercado no suelen proporcionar suficiente potencia para cargar varios iPads al mismo tiempo. Con este concentrador de carga USB, te ofrecemos la posibilidad de cargar hasta diez dispositivos desde una sola toma de corriente. <\/p>\n<p>Tambi\u00e9n se pueden cargar distintos dispositivos al mismo tiempo, ya que cada toma individual tiene un fusible independiente y siempre suministra la corriente de carga correcta para el dispositivo m\u00f3vil correspondiente. Una vez cargado el dispositivo en cuesti\u00f3n, el proceso de carga finaliza autom\u00e1ticamente. <\/p>\n<p><a href=\"https:\/\/get-it-easy.de\/es\/alquiler-de-smartphones\/\">Alquila<\/a> ahora la <a href=\"https:\/\/get-it-easy.de\/es\/tablet-mieten\/\">tablet<\/a> o el smartphone adecuados. En la categor\u00eda de accesorios para <a href=\"https:\/\/get-it-easy.de\/es\/alquiler\/tableta\/accesorios-para-tabletas\/\">tablet<\/a> y <a href=\"https:\/\/get-it-easy.de\/es\/alquiler\/telefono-inteligente\/accesorios-para-smartphones\/\">accesorios para smartphone<\/a> encontrar\u00e1s accesorios adicionales para cada aplicaci\u00f3n. <\/p>\n<h2>Productos alternativos<\/h2>\n<p>Tambi\u00e9n puedes utilizar otras opciones para cargar dispositivos. Te ofrecemos estaciones de carga adecuadas, como un <a class=\"woocommerce-LoopProduct-link woocommerce-loop-product__link\" href=\"https:\/\/get-it-easy.de\/es\/alquiler\/cargador-de-coche\/\">cargador de coche<\/a>, un <a class=\"woocommerce-LoopProduct-link woocommerce-loop-product__link\" href=\"https:\/\/get-it-easy.de\/es\/alquiler\/powerbank-10000-mah\/\">Powerbank 10000<\/a>, el <a class=\"woocommerce-LoopProduct-link woocommerce-loop-product__link\" href=\"https:\/\/get-it-easy.de\/es\/alquiler\/funda-de-vuelo-para-tablet\/\">Tablet Flightcase<\/a> o el <a class=\"woocommerce-LoopProduct-link woocommerce-loop-product__link\" href=\"https:\/\/get-it-easy.de\/es\/alquiler\/leba-notecart-flex-24\/\">Leba NoteCart Flex 24<\/a> <\/p>\n<div class=\"row large-columns-4 medium-columns-3 small-columns-2 row-small slider row-slider slider-nav-reveal slider-nav-push\" data-flickity-options='{&quot;imagesLoaded&quot;: true, &quot;groupCells&quot;: &quot;100%&quot;, &quot;dragThreshold&quot; : 5, &quot;cellAlign&quot;: &quot;left&quot;,&quot;wrapAround&quot;: true,&quot;prevNextButtons&quot;: true,&quot;percentPosition&quot;: true,&quot;pageDots&quot;: false, &quot;rightToLeft&quot;: false, &quot;autoPlay&quot; : false}'>\n<div class=\"product-small col has-hover product type-product post-3547 status-publish first instock product_cat-ladestation product_cat-tablet-zubehoer product_cat-smartphone-zubehoer has-post-thumbnail shipping-taxable purchasable product-type-simple\">\n<div class=\"col-inner\">\n<div class=\"badge-container absolute left top z-1\">\n<\/div>\n<div class=\"product-small box \">\n<div class=\"box-image\">\n<div class=\"image-fade_in_back\">\n\t\t\t\t<a href=\"https:\/\/get-it-easy.de\/es\/alquiler\/cargador-de-coche\/\"><br \/>\n\t\t\t\t\t<img decoding=\"async\" width=\"500\" height=\"500\" src=\"https:\/\/get-it-easy.de\/wp-content\/uploads\/2022\/06\/kfz-lader-mieten-get-it-easy-500x500.jpg\" class=\"attachment-woocommerce_thumbnail size-woocommerce_thumbnail\" alt=\"KFZ Lader mieten\" title=\"\"><img decoding=\"async\" width=\"500\" height=\"500\" src=\"https:\/\/get-it-easy.de\/wp-content\/uploads\/2022\/06\/kfz-lader-leihen-get-it-easy-500x500.jpg\" class=\"show-on-hover absolute fill hide-for-small back-image\" alt=\"KFZ Lader leihen\" aria-hidden=\"true\" title=\"\">\t\t\t\t<\/a>\n\t\t\t<\/div>\n<div class=\"image-tools is-small top right show-on-hover\">\n\t\t\t\t\t\t\t<\/div>\n<div class=\"image-tools is-small hide-for-small bottom left show-on-hover\">\n\t\t\t\t\t\t\t<\/div>\n<div class=\"image-tools grid-tools text-center hide-for-small bottom hover-slide-in show-on-hover\">\n\t\t\t\t\t\t\t<\/div>\n<\/p>\n<\/div>\n<div class=\"box-text box-text-products text-center grid-style-2\">\n<div class=\"title-wrapper\">\n<p class=\"name product-title woocommerce-loop-product__title\"><a href=\"https:\/\/get-it-easy.de\/es\/alquiler\/cargador-de-coche\/\" class=\"woocommerce-LoopProduct-link woocommerce-loop-product__link\">KFZ-Lader<\/a><\/p>\n<\/div>\n<div class=\"price-wrapper\">\n\t<span class=\"price\">ab <span class=\"woocommerce-Price-amount amount\">7,00&nbsp;<span class=\"woocommerce-Price-currencySymbol\">&euro;<\/span><\/span> zzgl. MwSt<\/span>\n<\/div>\n<div class=\"add-to-cart-button\"><a href=\"\/wp-json\/wc\/v3\/products\/66427?add-to-cart=3547\" aria-describedby=\"woocommerce_loop_add_to_cart_link_describedby_3547\" data-quantity=\"1\" class=\"primary is-small mb-0 button product_type_simple add_to_cart_button ajax_add_to_cart is-outline\" data-product_id=\"3547\" data-product_sku=\"97450\" aria-label=\"In den Warenkorb legen: \u201eKFZ-Lader\u201c\" rel=\"nofollow\" data-success_message=\"\u201eKFZ-Lader\u201c wurde deinem Warenkorb hinzugef\u00fcgt\" role=\"button\">Zur Anfrage hinzuf\u00fcgen<\/a><\/div>\n<p>\t<span id=\"woocommerce_loop_add_to_cart_link_describedby_3547\" class=\"screen-reader-text\"><br \/>\n\t\t\t<\/span>\n\t\t<\/div>\n<\/p>\n<\/div>\n<p>\t<span class=\"gtm4wp_productdata\" style=\"display:none;visibility:hidden\" data-gtm4wp_product_data=\"{&quot;internal_id&quot;:3547,&quot;item_id&quot;:3547,&quot;item_name&quot;:&quot;KFZ-Lader&quot;,&quot;sku&quot;:&quot;97450&quot;,&quot;price&quot;:7,&quot;stocklevel&quot;:null,&quot;stockstatus&quot;:&quot;instock&quot;,&quot;google_business_vertical&quot;:&quot;retail&quot;,&quot;item_category&quot;:&quot;Smartphone Zubehu00f6r&quot;,&quot;id&quot;:3547,&quot;productlink&quot;:&quot;https:\/\/get-it-easy.de\/mieten\/kfz-lader\/&quot;,&quot;item_list_name&quot;:&quot;General Product List&quot;,&quot;index&quot;:1,&quot;product_type&quot;:&quot;simple&quot;,&quot;item_brand&quot;:&quot;&quot;}\"><\/span>\t<\/div>\n<\/div>\n<div class=\"product-small col has-hover product type-product post-8496 status-publish instock product_cat-tablet-zubehoer product_cat-ladestation product_cat-zubehoer has-post-thumbnail shipping-taxable purchasable product-type-simple\">\n<div class=\"col-inner\">\n<div class=\"badge-container absolute left top z-1\">\n<\/div>\n<div class=\"product-small box \">\n<div class=\"box-image\">\n<div class=\"image-fade_in_back\">\n\t\t\t\t<a href=\"https:\/\/get-it-easy.de\/es\/alquiler\/leba-notecart-flex-24\/\"><br \/>\n\t\t\t\t\t<img decoding=\"async\" width=\"500\" height=\"500\" src=\"https:\/\/get-it-easy.de\/wp-content\/uploads\/2022\/06\/leba-notecart-flex-24-mieten-get-it-easy-500x500.jpg\" class=\"attachment-woocommerce_thumbnail size-woocommerce_thumbnail\" alt=\"Leba Notecart Flex 24 mieten\" title=\"\"><img decoding=\"async\" width=\"500\" height=\"500\" src=\"https:\/\/get-it-easy.de\/wp-content\/uploads\/2022\/06\/leba-notecart-flex-24-leihen-get-it-easy-500x500.jpg\" class=\"show-on-hover absolute fill hide-for-small back-image\" alt=\"Leba Notecart Flex 24 ausleihen\" aria-hidden=\"true\" title=\"\">\t\t\t\t<\/a>\n\t\t\t<\/div>\n<div class=\"image-tools is-small top right show-on-hover\">\n\t\t\t\t\t\t\t<\/div>\n<div class=\"image-tools is-small hide-for-small bottom left show-on-hover\">\n\t\t\t\t\t\t\t<\/div>\n<div class=\"image-tools grid-tools text-center hide-for-small bottom hover-slide-in show-on-hover\">\n\t\t\t\t\t\t\t<\/div>\n<\/p>\n<\/div>\n<div class=\"box-text box-text-products text-center grid-style-2\">\n<div class=\"title-wrapper\">\n<p class=\"name product-title woocommerce-loop-product__title\"><a href=\"https:\/\/get-it-easy.de\/es\/alquiler\/leba-notecart-flex-24\/\" class=\"woocommerce-LoopProduct-link woocommerce-loop-product__link\">Leba NoteCart Flex 24<\/a><\/p>\n<\/div>\n<div class=\"price-wrapper\">\n\t<span class=\"price\">ab <span class=\"woocommerce-Price-amount amount\">299,00&nbsp;<span class=\"woocommerce-Price-currencySymbol\">&euro;<\/span><\/span> zzgl. MwSt<\/span>\n<\/div>\n<div class=\"add-to-cart-button\"><a href=\"\/wp-json\/wc\/v3\/products\/66427?add-to-cart=8496\" aria-describedby=\"woocommerce_loop_add_to_cart_link_describedby_8496\" data-quantity=\"1\" class=\"primary is-small mb-0 button product_type_simple add_to_cart_button ajax_add_to_cart is-outline\" data-product_id=\"8496\" data-product_sku=\"99011\" aria-label=\"In den Warenkorb legen: \u201eLeba NoteCart Flex 24\u201c\" rel=\"nofollow\" data-success_message=\"\u201eLeba NoteCart Flex 24\u201c wurde deinem Warenkorb hinzugef\u00fcgt\" role=\"button\">Zur Anfrage hinzuf\u00fcgen<\/a><\/div>\n<p>\t<span id=\"woocommerce_loop_add_to_cart_link_describedby_8496\" class=\"screen-reader-text\"><br \/>\n\t\t\t<\/span>\n\t\t<\/div>\n<\/p>\n<\/div>\n<p>\t<span class=\"gtm4wp_productdata\" style=\"display:none;visibility:hidden\" data-gtm4wp_product_data=\"{&quot;internal_id&quot;:8496,&quot;item_id&quot;:8496,&quot;item_name&quot;:&quot;Leba NoteCart Flex 24&quot;,&quot;sku&quot;:&quot;99011&quot;,&quot;price&quot;:299,&quot;stocklevel&quot;:null,&quot;stockstatus&quot;:&quot;instock&quot;,&quot;google_business_vertical&quot;:&quot;retail&quot;,&quot;item_category&quot;:&quot;Zubehu00f6r&quot;,&quot;id&quot;:8496,&quot;productlink&quot;:&quot;https:\/\/get-it-easy.de\/mieten\/note-cart-flex-24\/&quot;,&quot;item_list_name&quot;:&quot;General Product List&quot;,&quot;index&quot;:2,&quot;product_type&quot;:&quot;simple&quot;,&quot;item_brand&quot;:&quot;&quot;}\"><\/span>\t<\/div>\n<\/div>\n<div class=\"product-small col has-hover product type-product post-2074 status-publish instock product_cat-ladestation product_cat-tablet-zubehoer product_cat-smartphone-zubehoer product_cat-zubehoer has-post-thumbnail shipping-taxable purchasable product-type-simple\">\n<div class=\"col-inner\">\n<div class=\"badge-container absolute left top z-1\">\n<\/div>\n<div class=\"product-small box \">\n<div class=\"box-image\">\n<div class=\"image-fade_in_back\">\n\t\t\t\t<a href=\"https:\/\/get-it-easy.de\/es\/alquiler\/powerbank-10000-mah\/\"><br \/>\n\t\t\t\t\t<img decoding=\"async\" width=\"500\" height=\"500\" src=\"https:\/\/get-it-easy.de\/wp-content\/uploads\/2022\/06\/powerbank-10000-mah-mieten-get-it-easy-500x500.jpg\" class=\"attachment-woocommerce_thumbnail size-woocommerce_thumbnail\" alt=\"Powerbank mieten\" title=\"\"><img decoding=\"async\" width=\"500\" height=\"500\" src=\"https:\/\/get-it-easy.de\/wp-content\/uploads\/2018\/05\/Powerbank-leihen-rueckseite-500x500.jpg\" class=\"show-on-hover absolute fill hide-for-small back-image\" alt=\"Alternative view of Powerbank 10000 mAh\" aria-hidden=\"true\" title=\"\">\t\t\t\t<\/a>\n\t\t\t<\/div>\n<div class=\"image-tools is-small top right show-on-hover\">\n\t\t\t\t\t\t\t<\/div>\n<div class=\"image-tools is-small hide-for-small bottom left show-on-hover\">\n\t\t\t\t\t\t\t<\/div>\n<div class=\"image-tools grid-tools text-center hide-for-small bottom hover-slide-in show-on-hover\">\n\t\t\t\t\t\t\t<\/div>\n<\/p>\n<\/div>\n<div class=\"box-text box-text-products text-center grid-style-2\">\n<div class=\"title-wrapper\">\n<p class=\"name product-title woocommerce-loop-product__title\"><a href=\"https:\/\/get-it-easy.de\/es\/alquiler\/powerbank-10000-mah\/\" class=\"woocommerce-LoopProduct-link woocommerce-loop-product__link\">Powerbank 10000 mAh<\/a><\/p>\n<\/div>\n<div class=\"price-wrapper\">\n\t<span class=\"price\">ab <span class=\"woocommerce-Price-amount amount\">10,00&nbsp;<span class=\"woocommerce-Price-currencySymbol\">&euro;<\/span><\/span> zzgl. MwSt<\/span>\n<\/div>\n<div class=\"add-to-cart-button\"><a href=\"\/wp-json\/wc\/v3\/products\/66427?add-to-cart=2074\" aria-describedby=\"woocommerce_loop_add_to_cart_link_describedby_2074\" data-quantity=\"1\" class=\"primary is-small mb-0 button product_type_simple add_to_cart_button ajax_add_to_cart is-outline\" data-product_id=\"2074\" data-product_sku=\"95500\" aria-label=\"In den Warenkorb legen: \u201ePowerbank 10000 mAh\u201c\" rel=\"nofollow\" data-success_message=\"\u201ePowerbank 10000 mAh\u201c wurde deinem Warenkorb hinzugef\u00fcgt\" role=\"button\">Zur Anfrage hinzuf\u00fcgen<\/a><\/div>\n<p>\t<span id=\"woocommerce_loop_add_to_cart_link_describedby_2074\" class=\"screen-reader-text\"><br \/>\n\t\t\t<\/span>\n\t\t<\/div>\n<\/p>\n<\/div>\n<p>\t<span class=\"gtm4wp_productdata\" style=\"display:none;visibility:hidden\" data-gtm4wp_product_data=\"{&quot;internal_id&quot;:2074,&quot;item_id&quot;:2074,&quot;item_name&quot;:&quot;Powerbank 10000 mAh&quot;,&quot;sku&quot;:&quot;95500&quot;,&quot;price&quot;:10,&quot;stocklevel&quot;:null,&quot;stockstatus&quot;:&quot;instock&quot;,&quot;google_business_vertical&quot;:&quot;retail&quot;,&quot;item_category&quot;:&quot;Zubehu00f6r&quot;,&quot;id&quot;:2074,&quot;productlink&quot;:&quot;https:\/\/get-it-easy.de\/mieten\/powerbank\/&quot;,&quot;item_list_name&quot;:&quot;General Product List&quot;,&quot;index&quot;:3,&quot;product_type&quot;:&quot;simple&quot;,&quot;item_brand&quot;:&quot;&quot;}\"><\/span>\t<\/div>\n<\/div>\n<div class=\"product-small col has-hover product type-product post-3471 status-publish last instock product_cat-ladestation product_cat-tablet-zubehoer product_cat-zubehoer has-post-thumbnail shipping-taxable purchasable product-type-simple\">\n<div class=\"col-inner\">\n<div class=\"badge-container absolute left top z-1\">\n<\/div>\n<div class=\"product-small box \">\n<div class=\"box-image\">\n<div class=\"image-fade_in_back\">\n\t\t\t\t<a href=\"https:\/\/get-it-easy.de\/es\/alquiler\/funda-de-vuelo-para-tablet\/\"><br \/>\n\t\t\t\t\t<img decoding=\"async\" width=\"500\" height=\"500\" src=\"https:\/\/get-it-easy.de\/wp-content\/uploads\/2022\/06\/tablet-flightcase-mieten-get-it-easy-500x500.jpg\" class=\"attachment-woocommerce_thumbnail size-woocommerce_thumbnail\" alt=\"Tablet Flightcase mieten\" title=\"\"><img decoding=\"async\" width=\"500\" height=\"500\" src=\"https:\/\/get-it-easy.de\/wp-content\/uploads\/2022\/06\/tablet-flightcase-leihen-get-it-easy-500x500.jpg\" class=\"show-on-hover absolute fill hide-for-small back-image\" alt=\"Tablet Flightcase leihen\" aria-hidden=\"true\" title=\"\">\t\t\t\t<\/a>\n\t\t\t<\/div>\n<div class=\"image-tools is-small top right show-on-hover\">\n\t\t\t\t\t\t\t<\/div>\n<div class=\"image-tools is-small hide-for-small bottom left show-on-hover\">\n\t\t\t\t\t\t\t<\/div>\n<div class=\"image-tools grid-tools text-center hide-for-small bottom hover-slide-in show-on-hover\">\n\t\t\t\t\t\t\t<\/div>\n<\/p>\n<\/div>\n<div class=\"box-text box-text-products text-center grid-style-2\">\n<div class=\"title-wrapper\">\n<p class=\"name product-title woocommerce-loop-product__title\"><a href=\"https:\/\/get-it-easy.de\/es\/alquiler\/funda-de-vuelo-para-tablet\/\" class=\"woocommerce-LoopProduct-link woocommerce-loop-product__link\">Tablet Flightcase<\/a><\/p>\n<\/div>\n<div class=\"price-wrapper\">\n\t<span class=\"price\">ab <span class=\"woocommerce-Price-amount amount\">39,00&nbsp;<span class=\"woocommerce-Price-currencySymbol\">&euro;<\/span><\/span> zzgl. MwSt<\/span>\n<\/div>\n<div class=\"add-to-cart-button\"><a href=\"\/wp-json\/wc\/v3\/products\/66427?add-to-cart=3471\" aria-describedby=\"woocommerce_loop_add_to_cart_link_describedby_3471\" data-quantity=\"1\" class=\"primary is-small mb-0 button product_type_simple add_to_cart_button ajax_add_to_cart is-outline\" data-product_id=\"3471\" data-product_sku=\"98750\" aria-label=\"In den Warenkorb legen: \u201eTablet Flightcase\u201c\" rel=\"nofollow\" data-success_message=\"\u201eTablet Flightcase\u201c wurde deinem Warenkorb hinzugef\u00fcgt\" role=\"button\">Zur Anfrage hinzuf\u00fcgen<\/a><\/div>\n<p>\t<span id=\"woocommerce_loop_add_to_cart_link_describedby_3471\" class=\"screen-reader-text\"><br \/>\n\t\t\t<\/span>\n\t\t<\/div>\n<\/p>\n<\/div>\n<p>\t<span class=\"gtm4wp_productdata\" style=\"display:none;visibility:hidden\" data-gtm4wp_product_data=\"{&quot;internal_id&quot;:3471,&quot;item_id&quot;:3471,&quot;item_name&quot;:&quot;Tablet Flightcase&quot;,&quot;sku&quot;:&quot;98750&quot;,&quot;price&quot;:39,&quot;stocklevel&quot;:null,&quot;stockstatus&quot;:&quot;instock&quot;,&quot;google_business_vertical&quot;:&quot;retail&quot;,&quot;item_category&quot;:&quot;Zubehu00f6r&quot;,&quot;id&quot;:3471,&quot;productlink&quot;:&quot;https:\/\/get-it-easy.de\/mieten\/tablet-flightcase\/&quot;,&quot;item_list_name&quot;:&quot;General Product List&quot;,&quot;index&quot;:4,&quot;product_type&quot;:&quot;simple&quot;,&quot;item_brand&quot;:&quot;&quot;}\"><\/span>\t<\/div>\n<\/div>\n<\/div>\n<h2>Asesoramiento<\/h2>\n<p>\u00bfTodav\u00eda tienes preguntas? Ll\u00e1manos al +49 9323 93 87 100<\/p>\n<h4>\u00a1Solic\u00edtanos ahora tu oferta personalizada!<\/h4>\n<h2><span id=\"Mehr_Infos_zu_get-IT-easy\">M\u00e1s informaci\u00f3n sobre get-IT-easy<\/span><\/h2>\n<p>Si quieres saber m\u00e1s sobre get-it-easy.de, puedes seguirnos en <a href=\"https:\/\/www.facebook.com\/get-IT-easy-104953201261043\" target=\"_blank\" rel=\"nofollow noopener\">Facebook<\/a>, <a href=\"https:\/\/www.instagram.com\/get_it_easy.de\/\" target=\"_blank\" rel=\"nofollow noopener\">Instagram<\/a>, <a href=\"https:\/\/www.pinterest.de\/getiteasy24\/get-it-easy\/\" target=\"_blank\" rel=\"nofollow noopener\">Pinterest<\/a>, <a href=\"https:\/\/www.xing.com\/pages\/get-it-easye-k\" target=\"_blank\" rel=\"nofollow noopener\">XING<\/a> y <a href=\"https:\/\/www.linkedin.com\/company\/get-it-easy\" target=\"_blank\" rel=\"nofollow noopener\">LinkedIn<\/a>.  Aqu\u00ed puedes saber m\u00e1s sobre la empresa y sus empleados y recibir informaci\u00f3n mensual sobre nuestros \u00faltimos productos. \u00a1Estamos deseando verte!<\/p>\n<div class=\"ShariffSC\" style=\"margin-top: -5px; margin-left:-4px;\"><div class=\"shariff shariff-align-left shariff-widget-align-left\"><div class=\"ShariffHeadline\"> <\/div><ul class=\"shariff-buttons theme-default orientation-horizontal buttonsize-small\"><li class=\"shariff-button facebook shariff-nocustomcolor\" style=\"background-color:#4273c8\"><a href=\"https:\/\/www.facebook.com\/sharer\/sharer.php?u=https%3A%2F%2Fget-it-easy.de%2Fes%2Falquiler%2Fconcentrador-de-carga-usb-10x%2F\" title=\"Compartir en Facebook\" aria-label=\"Compartir en Facebook\" role=\"button\" rel=\"nofollow\" class=\"shariff-link\" style=\"; background-color:#3b5998; color:#fff\" target=\"_blank\"><span class=\"shariff-icon\" style=\"\"><svg width=\"32px\" height=\"20px\" xmlns=\"http:\/\/www.w3.org\/2000\/svg\" viewBox=\"0 0 18 32\"><path fill=\"#3b5998\" d=\"M17.1 0.2v4.7h-2.8q-1.5 0-2.1 0.6t-0.5 1.9v3.4h5.2l-0.7 5.3h-4.5v13.6h-5.5v-13.6h-4.5v-5.3h4.5v-3.9q0-3.3 1.9-5.2t5-1.8q2.6 0 4.1 0.2z\"\/><\/svg><\/span><span class=\"shariff-text\">compartir<\/span>&nbsp;<\/a><\/li><li class=\"shariff-button whatsapp shariff-nocustomcolor\" style=\"background-color:#5cbe4a\"><a href=\"https:\/\/api.whatsapp.com\/send?text=https%3A%2F%2Fget-it-easy.de%2Fes%2Falquiler%2Fconcentrador-de-carga-usb-10x%2F%20Concentrador%20de%20carga%20USB%2010x\" title=\"Compartir en Whatsapp\" aria-label=\"Compartir en Whatsapp\" role=\"button\" rel=\"noopener nofollow\" class=\"shariff-link\" style=\"; background-color:#34af23; color:#fff\" target=\"_blank\"><span class=\"shariff-icon\" style=\"\"><svg width=\"32px\" height=\"20px\" xmlns=\"http:\/\/www.w3.org\/2000\/svg\" viewBox=\"0 0 32 32\"><path fill=\"#34af23\" d=\"M17.6 17.4q0.2 0 1.7 0.8t1.6 0.9q0 0.1 0 0.3 0 0.6-0.3 1.4-0.3 0.7-1.3 1.2t-1.8 0.5q-1 0-3.4-1.1-1.7-0.8-3-2.1t-2.6-3.3q-1.3-1.9-1.3-3.5v-0.1q0.1-1.6 1.3-2.8 0.4-0.4 0.9-0.4 0.1 0 0.3 0t0.3 0q0.3 0 0.5 0.1t0.3 0.5q0.1 0.4 0.6 1.6t0.4 1.3q0 0.4-0.6 1t-0.6 0.8q0 0.1 0.1 0.3 0.6 1.3 1.8 2.4 1 0.9 2.7 1.8 0.2 0.1 0.4 0.1 0.3 0 1-0.9t0.9-0.9zM14 26.9q2.3 0 4.3-0.9t3.6-2.4 2.4-3.6 0.9-4.3-0.9-4.3-2.4-3.6-3.6-2.4-4.3-0.9-4.3 0.9-3.6 2.4-2.4 3.6-0.9 4.3q0 3.6 2.1 6.6l-1.4 4.2 4.3-1.4q2.8 1.9 6.2 1.9zM14 2.2q2.7 0 5.2 1.1t4.3 2.9 2.9 4.3 1.1 5.2-1.1 5.2-2.9 4.3-4.3 2.9-5.2 1.1q-3.5 0-6.5-1.7l-7.4 2.4 2.4-7.2q-1.9-3.2-1.9-6.9 0-2.7 1.1-5.2t2.9-4.3 4.3-2.9 5.2-1.1z\"\/><\/svg><\/span><span class=\"shariff-text\">compartir<\/span>&nbsp;<\/a><\/li><li class=\"shariff-button mailto shariff-nocustomcolor\" style=\"background-color:#a8a8a8\"><a href=\"mailto:?body=https%3A%2F%2Fget-it-easy.de%2Fes%2Falquiler%2Fconcentrador-de-carga-usb-10x%2F&subject=Concentrador%20de%20carga%20USB%2010x\" title=\"Enviar por correo electr\u00f3nico\" aria-label=\"Enviar por correo electr\u00f3nico\" role=\"button\" rel=\"noopener nofollow\" class=\"shariff-link\" style=\"; background-color:#999; color:#fff\"><span class=\"shariff-icon\" style=\"\"><svg width=\"32px\" height=\"20px\" xmlns=\"http:\/\/www.w3.org\/2000\/svg\" viewBox=\"0 0 32 32\"><path fill=\"#999\" d=\"M32 12.7v14.2q0 1.2-0.8 2t-2 0.9h-26.3q-1.2 0-2-0.9t-0.8-2v-14.2q0.8 0.9 1.8 1.6 6.5 4.4 8.9 6.1 1 0.8 1.6 1.2t1.7 0.9 2 0.4h0.1q0.9 0 2-0.4t1.7-0.9 1.6-1.2q3-2.2 8.9-6.1 1-0.7 1.8-1.6zM32 7.4q0 1.4-0.9 2.7t-2.2 2.2q-6.7 4.7-8.4 5.8-0.2 0.1-0.7 0.5t-1 0.7-0.9 0.6-1.1 0.5-0.9 0.2h-0.1q-0.4 0-0.9-0.2t-1.1-0.5-0.9-0.6-1-0.7-0.7-0.5q-1.6-1.1-4.7-3.2t-3.6-2.6q-1.1-0.7-2.1-2t-1-2.5q0-1.4 0.7-2.3t2.1-0.9h26.3q1.2 0 2 0.8t0.9 2z\"\/><\/svg><\/span><span class=\"shariff-text\">correo<\/span>&nbsp;<\/a><\/li><\/ul><\/div><\/div>","protected":false},"excerpt":{"rendered":"<ul>\n<li>Carga un m\u00e1ximo de 10 dispositivos<\/li>\n<li>10x 2,4 A<\/li>\n<li>Soporte del dispositivo<\/li>\n<\/ul>\n<p>Haz tu consulta ahora<\/p>\n","protected":false},"featured_media":66433,"template":"","meta":{"_acf_changed":false},"product_brand":[],"product_cat":[769,770,821],"product_tag":[],"class_list":{"0":"post-66427","1":"product","2":"type-product","3":"status-publish","4":"has-post-thumbnail","6":"product_cat-accesorios-para-tabletas","7":"product_cat-accesorios-para-smartphones","8":"product_cat-estacion-de-carga","10":"first","11":"instock","12":"shipping-taxable","13":"purchasable","14":"product-type-simple"},"acf":{"kategorielink":"","tagespreis_eventworx":""},"_links":{"self":[{"href":"https:\/\/get-it-easy.de\/es\/wp-json\/wp\/v2\/product\/66427","targetHints":{"allow":["GET"]}}],"collection":[{"href":"https:\/\/get-it-easy.de\/es\/wp-json\/wp\/v2\/product"}],"about":[{"href":"https:\/\/get-it-easy.de\/es\/wp-json\/wp\/v2\/types\/product"}],"wp:featuredmedia":[{"embeddable":true,"href":"https:\/\/get-it-easy.de\/es\/wp-json\/wp\/v2\/media\/66433"}],"wp:attachment":[{"href":"https:\/\/get-it-easy.de\/es\/wp-json\/wp\/v2\/media?parent=66427"}],"wp:term":[{"taxonomy":"product_brand","embeddable":true,"href":"https:\/\/get-it-easy.de\/es\/wp-json\/wp\/v2\/product_brand?post=66427"},{"taxonomy":"product_cat","embeddable":true,"href":"https:\/\/get-it-easy.de\/es\/wp-json\/wp\/v2\/product_cat?post=66427"},{"taxonomy":"product_tag","embeddable":true,"href":"https:\/\/get-it-easy.de\/es\/wp-json\/wp\/v2\/product_tag?post=66427"}],"curies":[{"name":"wp","href":"https:\/\/api.w.org\/{rel}","templated":true}]}}